{"id":495,"date":"2017-12-17T21:24:41","date_gmt":"2017-12-17T21:24:41","guid":{"rendered":"https:\/\/treenaturaterapias.com\/?page_id=495"},"modified":"2017-12-17T21:24:41","modified_gmt":"2017-12-17T21:24:41","slug":"regressao-tre","status":"publish","type":"page","link":"https:\/\/treenaturaterapias.com\/fr\/regressao-tre\/","title":{"rendered":"Regress\u00e3o TRE"},"content":{"rendered":"<p>A Regress\u00e3o TRE foi criada pelo Dr. Osvaldo Shimoda junto com os seus guias no Brasil.<\/p>\n<p>Nesta terapia de regress\u00e3o \u00e9 o nosso guia pessoal que nos vai conduzir, aquele que nos guia nesta encarna\u00e7\u00e3o aqui na Terra. A regress\u00e3o TRE \u00e9 uma terapia individualizada, pois para cada paciente existe o seu guia pessoal espiritual.<\/p>\n<p>Visto que vai ser o guia pessoal a conduzir a Regress\u00e3o TRE, esta pode ser atrav\u00e9s de vidas passadas ou sobre esta vida, bem como por vezes, ser levada ao \u00ab\u00a0futuro possivel\u00a0\u00bb. Tudo depende do que cada paciente necessita na altura.<\/p>\n<p>\u00c9 uma terapia que permite n\u00e3o s\u00f3 a regress\u00e3o a vidas passadas, como tambem resolver problemas v\u00e1rios como:<\/p>\n<ul>\n<li>Porque tenho vergonha do meu corpo?<\/li>\n<li>Porque tenho tantos pensamentos negativos e estou sempre a vitimizar-me?<\/li>\n<li>Porque n\u00e3o consigo ter filhos?<\/li>\n<li>Porque n\u00e3o me valorizam no trabalho?<\/li>\n<li>Porque tenho medo da intimidade?<\/li>\n<li>Porque tudo o que come\u00e7o n\u00e3o acabo?<\/li>\n<li>Porqu\u00ea essa rela\u00e7\u00e3o amor-\u00f3dio com a minha m\u00e3e?<\/li>\n<li>Porque n\u00e3o tenho rumo na vida?<\/li>\n<li>Qual a minha verdadeira miss\u00e3o de vida?<\/li>\n<li>Porque desde crian\u00e7a tenho problemas de sa\u00fade?<\/li>\n<li>Porque n\u00e3o consigo gostar verdadeiramente de nenhuma mulher?<\/li>\n<li>Auto mutila\u00e7\u00e3o e Bulimia<\/li>\n<li>Ciume excessivo e medo de se entregar nos relacionamentos<\/li>\n<li>Transtorno Bipolar<\/li>\n<li>Resist\u00eancia em assumir cargos de chefia<\/li>\n<li>Perda de um Filho<\/li>\n<li>Karma Familiar<\/li>\n<li>Auto- Obsess\u00e3o<\/li>\n<li>Tristeza, melancolia e des\u00e2nimo<\/li>\n<li>Medo de dormir sozinha<\/li>\n<li>Alergia alimentar<\/li>\n<li>Pensamentos suicidas<\/li>\n<li>Depress\u00e3o p\u00f3s-parto e sindrome do p\u00e2nico<\/li>\n<li>Fibromialgia<\/li>\n<li>Porque n\u00e3o confio nos homens? Porque abusam de mim?<\/li>\n<li>Porque a minha vida est\u00e1 bloqueada?<\/li>\n<li>Obsessores<\/li>\n<\/ul>\n<p>&nbsp;<\/p>\n<p>Estas s\u00e3o algumas das quest\u00f5es que podem ser tratadas com a Regress\u00e3o TRE. Durante as sess\u00f5es de Regress\u00e3o TRE \u00e9 aberto o canal de comunica\u00e7\u00e3o entre o paciente e o seu guia espiritual e, uma vez aberto esse canal, mesmo ap\u00f3s o encerramento da terapia, em muitos casos, o paciente continua a beneficiar das orienta\u00e7\u00f5es de seu guia espiritual no seu dia a dia.<\/p>\n<p>Dura\u00e7\u00e3o: 6 sess\u00f5es (1x\/semana) que podem alterar mediante o que o guia decidir<\/p>\n<p>A sess\u00e3o tem a dura\u00e7\u00e3o de 2h e pode ser realizada presencialmente em Lisboa<\/p>\n<p>Valor: 50\u20ac a 1\u00aa sess\u00e3o e 30\u20ac as seguintes<\/p>\n<p>Ou Pack 6 sess\u00f5es 150\u20ac ( podendo ser pago em 2x)<\/p>\n<p>&nbsp;<\/p>\n<p>&nbsp;<\/p>\n<p>&nbsp;<\/p>\n<p>&nbsp;<\/p>\n","protected":false},"excerpt":{"rendered":"<p>A Regress\u00e3o TRE foi criada pelo Dr. Osvaldo Shimoda junto com os seus guias no Brasil. Nesta terapia de regress\u00e3o \u00e9 o nosso guia pessoal que nos vai conduzir, aquele que nos guia nesta encarna\u00e7\u00e3o aqui na Terra. A regress\u00e3o TRE \u00e9 uma terapia individualizada, pois para cada paciente existe &hellip; <\/p>\n","protected":false},"author":1,"featured_media":0,"parent":0,"menu_order":0,"comment_status":"closed","ping_status":"closed","template":"","meta":{"_monsterinsights_skip_tracking":false,"_monsterinsights_sitenote_active":false,"_monsterinsights_sitenote_note":"","_monsterinsights_sitenote_category":0,"footnotes":""},"class_list":["post-495","page","type-page","status-publish","hentry"],"yoast_head":"<!-- This site is optimized with the Yoast SEO plugin v27.4 - https:\/\/yoast.com\/product\/yoast-seo-wordpress\/ -->\n<title>Regress\u00e3o TRE - Tree Natura Terapias<\/title>\n<meta name=\"robots\" content=\"index, follow, max-snippet:-1, max-image-preview:large, max-video-preview:-1\" \/>\n<link rel=\"canonical\" href=\"https:\/\/treenaturaterapias.com\/fr\/regressao-tre\/\" \/>\n<meta property=\"og:locale\" content=\"fr_FR\" \/>\n<meta property=\"og:locale:alternate\" content=\"en_US\" \/>\n<meta property=\"og:locale:alternate\" content=\"pt_PT\" \/>\n<meta property=\"og:type\" content=\"article\" \/>\n<meta property=\"og:title\" content=\"Regress\u00e3o TRE - Tree Natura Terapias\" \/>\n<meta property=\"og:description\" content=\"A Regress\u00e3o TRE foi criada pelo Dr. Osvaldo Shimoda junto com os seus guias no Brasil. Nesta terapia de regress\u00e3o \u00e9 o nosso guia pessoal que nos vai conduzir, aquele que nos guia nesta encarna\u00e7\u00e3o aqui na Terra. A regress\u00e3o TRE \u00e9 uma terapia individualizada, pois para cada paciente existe &hellip;\" \/>\n<meta property=\"og:url\" content=\"https:\/\/treenaturaterapias.com\/fr\/regressao-tre\/\" \/>\n<meta property=\"og:site_name\" content=\"Tree Natura Terapias\" \/>\n<meta name=\"twitter:card\" content=\"summary_large_image\" \/>\n<meta name=\"twitter:label1\" content=\"Dur\u00e9e de lecture estim\u00e9e\" \/>\n\t<meta name=\"twitter:data1\" content=\"2 minutes\" \/>\n<script type=\"application\/ld+json\" class=\"yoast-schema-graph\">{\"@context\":\"https:\\\/\\\/schema.org\",\"@graph\":[{\"@type\":\"WebPage\",\"@id\":\"https:\\\/\\\/treenaturaterapias.com\\\/regressao-tre\\\/\",\"url\":\"https:\\\/\\\/treenaturaterapias.com\\\/regressao-tre\\\/\",\"name\":\"Regress\u00e3o TRE - Tree Natura Terapias\",\"isPartOf\":{\"@id\":\"https:\\\/\\\/treenaturaterapias.com\\\/#website\"},\"datePublished\":\"2017-12-17T21:24:41+00:00\",\"breadcrumb\":{\"@id\":\"https:\\\/\\\/treenaturaterapias.com\\\/regressao-tre\\\/#breadcrumb\"},\"inLanguage\":\"fr-FR\",\"potentialAction\":[{\"@type\":\"ReadAction\",\"target\":[\"https:\\\/\\\/treenaturaterapias.com\\\/regressao-tre\\\/\"]}]},{\"@type\":\"BreadcrumbList\",\"@id\":\"https:\\\/\\\/treenaturaterapias.com\\\/regressao-tre\\\/#breadcrumb\",\"itemListElement\":[{\"@type\":\"ListItem\",\"position\":1,\"name\":\"In\u00edcio\",\"item\":\"https:\\\/\\\/treenaturaterapias.com\\\/\"},{\"@type\":\"ListItem\",\"position\":2,\"name\":\"Regress\u00e3o TRE\"}]},{\"@type\":\"WebSite\",\"@id\":\"https:\\\/\\\/treenaturaterapias.com\\\/#website\",\"url\":\"https:\\\/\\\/treenaturaterapias.com\\\/\",\"name\":\"Tree Natura Terapias\",\"description\":\"Reconhecendo o Divino que habita em si\",\"publisher\":{\"@id\":\"https:\\\/\\\/treenaturaterapias.com\\\/#\\\/schema\\\/person\\\/267944d8880bf51dd22b9803435d65c6\"},\"potentialAction\":[{\"@type\":\"SearchAction\",\"target\":{\"@type\":\"EntryPoint\",\"urlTemplate\":\"https:\\\/\\\/treenaturaterapias.com\\\/?s={search_term_string}\"},\"query-input\":{\"@type\":\"PropertyValueSpecification\",\"valueRequired\":true,\"valueName\":\"search_term_string\"}}],\"inLanguage\":\"fr-FR\"},{\"@type\":[\"Person\",\"Organization\"],\"@id\":\"https:\\\/\\\/treenaturaterapias.com\\\/#\\\/schema\\\/person\\\/267944d8880bf51dd22b9803435d65c6\",\"name\":\"C\u00e9lia de Jesus\",\"image\":{\"@type\":\"ImageObject\",\"inLanguage\":\"fr-FR\",\"@id\":\"https:\\\/\\\/treenaturaterapias.com\\\/wp-content\\\/uploads\\\/2018\\\/09\\\/cropped-18901839_10154690353442194_1408032629_o.jpg\",\"url\":\"https:\\\/\\\/treenaturaterapias.com\\\/wp-content\\\/uploads\\\/2018\\\/09\\\/cropped-18901839_10154690353442194_1408032629_o.jpg\",\"contentUrl\":\"https:\\\/\\\/treenaturaterapias.com\\\/wp-content\\\/uploads\\\/2018\\\/09\\\/cropped-18901839_10154690353442194_1408032629_o.jpg\",\"width\":512,\"height\":512,\"caption\":\"C\u00e9lia de Jesus\"},\"logo\":{\"@id\":\"https:\\\/\\\/treenaturaterapias.com\\\/wp-content\\\/uploads\\\/2018\\\/09\\\/cropped-18901839_10154690353442194_1408032629_o.jpg\"}}]}<\/script>\n<!-- \/ Yoast SEO plugin. -->","yoast_head_json":{"title":"Regress\u00e3o TRE - Tree Natura Terapias","robots":{"index":"index","follow":"follow","max-snippet":"max-snippet:-1","max-image-preview":"max-image-preview:large","max-video-preview":"max-video-preview:-1"},"canonical":"https:\/\/treenaturaterapias.com\/fr\/regressao-tre\/","og_locale":"fr_FR","og_type":"article","og_title":"Regress\u00e3o TRE - Tree Natura Terapias","og_description":"A Regress\u00e3o TRE foi criada pelo Dr. Osvaldo Shimoda junto com os seus guias no Brasil. Nesta terapia de regress\u00e3o \u00e9 o nosso guia pessoal que nos vai conduzir, aquele que nos guia nesta encarna\u00e7\u00e3o aqui na Terra. A regress\u00e3o TRE \u00e9 uma terapia individualizada, pois para cada paciente existe &hellip;","og_url":"https:\/\/treenaturaterapias.com\/fr\/regressao-tre\/","og_site_name":"Tree Natura Terapias","twitter_card":"summary_large_image","twitter_misc":{"Dur\u00e9e de lecture estim\u00e9e":"2 minutes"},"schema":{"@context":"https:\/\/schema.org","@graph":[{"@type":"WebPage","@id":"https:\/\/treenaturaterapias.com\/regressao-tre\/","url":"https:\/\/treenaturaterapias.com\/regressao-tre\/","name":"Regress\u00e3o TRE - Tree Natura Terapias","isPartOf":{"@id":"https:\/\/treenaturaterapias.com\/#website"},"datePublished":"2017-12-17T21:24:41+00:00","breadcrumb":{"@id":"https:\/\/treenaturaterapias.com\/regressao-tre\/#breadcrumb"},"inLanguage":"fr-FR","potentialAction":[{"@type":"ReadAction","target":["https:\/\/treenaturaterapias.com\/regressao-tre\/"]}]},{"@type":"BreadcrumbList","@id":"https:\/\/treenaturaterapias.com\/regressao-tre\/#breadcrumb","itemListElement":[{"@type":"ListItem","position":1,"name":"In\u00edcio","item":"https:\/\/treenaturaterapias.com\/"},{"@type":"ListItem","position":2,"name":"Regress\u00e3o TRE"}]},{"@type":"WebSite","@id":"https:\/\/treenaturaterapias.com\/#website","url":"https:\/\/treenaturaterapias.com\/","name":"Tree Natura Terapias","description":"Reconhecendo o Divino que habita em si","publisher":{"@id":"https:\/\/treenaturaterapias.com\/#\/schema\/person\/267944d8880bf51dd22b9803435d65c6"},"potentialAction":[{"@type":"SearchAction","target":{"@type":"EntryPoint","urlTemplate":"https:\/\/treenaturaterapias.com\/?s={search_term_string}"},"query-input":{"@type":"PropertyValueSpecification","valueRequired":true,"valueName":"search_term_string"}}],"inLanguage":"fr-FR"},{"@type":["Person","Organization"],"@id":"https:\/\/treenaturaterapias.com\/#\/schema\/person\/267944d8880bf51dd22b9803435d65c6","name":"C\u00e9lia de Jesus","image":{"@type":"ImageObject","inLanguage":"fr-FR","@id":"https:\/\/treenaturaterapias.com\/wp-content\/uploads\/2018\/09\/cropped-18901839_10154690353442194_1408032629_o.jpg","url":"https:\/\/treenaturaterapias.com\/wp-content\/uploads\/2018\/09\/cropped-18901839_10154690353442194_1408032629_o.jpg","contentUrl":"https:\/\/treenaturaterapias.com\/wp-content\/uploads\/2018\/09\/cropped-18901839_10154690353442194_1408032629_o.jpg","width":512,"height":512,"caption":"C\u00e9lia de Jesus"},"logo":{"@id":"https:\/\/treenaturaterapias.com\/wp-content\/uploads\/2018\/09\/cropped-18901839_10154690353442194_1408032629_o.jpg"}}]}},"_links":{"self":[{"href":"https:\/\/treenaturaterapias.com\/fr\/wp-json\/wp\/v2\/pages\/495","targetHints":{"allow":["GET"]}}],"collection":[{"href":"https:\/\/treenaturaterapias.com\/fr\/wp-json\/wp\/v2\/pages"}],"about":[{"href":"https:\/\/treenaturaterapias.com\/fr\/wp-json\/wp\/v2\/types\/page"}],"author":[{"embeddable":true,"href":"https:\/\/treenaturaterapias.com\/fr\/wp-json\/wp\/v2\/users\/1"}],"replies":[{"embeddable":true,"href":"https:\/\/treenaturaterapias.com\/fr\/wp-json\/wp\/v2\/comments?post=495"}],"version-history":[{"count":0,"href":"https:\/\/treenaturaterapias.com\/fr\/wp-json\/wp\/v2\/pages\/495\/revisions"}],"wp:attachment":[{"href":"https:\/\/treenaturaterapias.com\/fr\/wp-json\/wp\/v2\/media?parent=495"}],"curies":[{"name":"wp","href":"https:\/\/api.w.org\/{rel}","templated":true}]}}