{"id":1028,"date":"2019-08-14T07:39:14","date_gmt":"2019-08-14T07:39:14","guid":{"rendered":"https:\/\/treenaturaterapias.com\/?page_id=1028"},"modified":"2019-08-14T07:40:30","modified_gmt":"2019-08-14T07:40:30","slug":"ambulatorio-de-cura","status":"publish","type":"page","link":"https:\/\/treenaturaterapias.com\/fr\/ambulatorio-de-cura\/","title":{"rendered":"Ambulat\u00f3rio de Cura"},"content":{"rendered":"\n<ul class=\"wp-block-gallery columns-1 is-cropped wp-block-gallery-1 is-layout-flex wp-block-gallery-is-layout-flex\"><li class=\"blocks-gallery-item\"><figure><img loading=\"lazy\" decoding=\"async\" width=\"900\" height=\"350\" src=\"https:\/\/treenaturaterapias.com\/wp-content\/uploads\/2019\/08\/neo_banner_ALPA3_home.jpg\" alt=\"\" data-id=\"1030\" data-link=\"https:\/\/treenaturaterapias.com\/ambulatorio-de-cura\/neo_banner_alpa3_home\/?#main\" class=\"wp-image-1030\" srcset=\"https:\/\/treenaturaterapias.com\/wp-content\/uploads\/2019\/08\/neo_banner_ALPA3_home.jpg 900w, https:\/\/treenaturaterapias.com\/wp-content\/uploads\/2019\/08\/neo_banner_ALPA3_home-300x117.jpg 300w, https:\/\/treenaturaterapias.com\/wp-content\/uploads\/2019\/08\/neo_banner_ALPA3_home-768x299.jpg 768w\" sizes=\"auto, (max-width: 900px) 100vw, 900px\" \/><\/figure><\/li><\/ul>\n\n\n\n<p>Este local foi criado com a compaix\u00e3o e amor pelos que sofrem. Estas duas energias ir\u00e3o trabalhar no seu desenvolvimento como um ser humano melhor e com mais capacidade de se ajudar a si e a outros.<\/p>\n\n\n\n<p><strong><em>Como Funciona?<\/em><\/strong><\/p>\n\n\n\n<p>Todos os pedidos chegados at\u00e9 mim ser\u00e3o inclu\u00eddos nas minhas ora\u00e7\u00f5es, mantras, pooja e pr\u00e1ticas espirituais. E como pode ajudar? Infelizmente o ser humano h\u00e1 muito que se desligou de si mesmo e de Deus. Isto nota-se no dia a dia quando andamos sem rumo, sem orienta\u00e7\u00e3o, sem motiva\u00e7\u00e3o. O ser humano \u00e9 um equil\u00edbrio entre a parte material e parte espiritual, mas temos desenvolvido cada vez mais a mat\u00e9ria (tarefas familiares, casa, emprego, dinheiro, carro, etc..) e esquecendo a parte espiritual que nos faz olhar para dentro e para as nossas necessidades. Esquecemos que tamb\u00e9m somos humanos e precisamos de limites dentro dos nosso limites. Ao introduzir luz e purifica\u00e7\u00e3o, voltamos a nos encontrar dentro de n\u00f3s mesmos. <\/p>\n\n\n\n<p>Ao me deixar ajuda-lo, o Pai Divino ir\u00e1 ser esse meio de luz atrav\u00e9s de mim.  Orarei por si tal como o fa\u00e7o para mim diariamente. Trabalharemos a Unidade atrav\u00e9s de percebermos que somos todos iguais e que as suas necessidades, s\u00e3o as minhas. Essa luz ir\u00e1 novamente faz\u00ea-lo ver o caminho, abrindo-o tamb\u00e9m. Depois ser\u00e1 uma caminhada sua. Por favor d\u00ea passos a cada lufada de ar fresco que \u00e9 apresentada na sua vida. Os nosso bloqueios internos de vidas e vidas passadas, espreitam a cada esquina e depressa nos far\u00e3o cair nos mesmos h\u00e1bitos viciosos. \u00ab\u00a0Orai e Vigiai\u00a0\u00bb nos alerta o Mestre Amado Jesus. <\/p>\n\n\n\n<div class=\"wp-block-image\"><figure class=\"alignright\"><img loading=\"lazy\" decoding=\"async\" width=\"232\" height=\"218\" src=\"https:\/\/treenaturaterapias.com\/wp-content\/uploads\/2019\/08\/images-8-1.jpg\" alt=\"\" class=\"wp-image-1032\"\/><\/figure><\/div>\n\n\n\n<p><em style=\"\"><b>Ent\u00e3o qual a diferen\u00e7a de ajudar aqui ou <\/b><\/em><em style=\"\"><b>atrav\u00e9s de uma <\/b><\/em><strong><em>marca\u00e7\u00e3o de consulta de outra terapia neste site?<\/em><\/strong><\/p>\n\n\n\n<p>Ao marcar uma consulta estar\u00e1 a pedir a minha presen\u00e7a junto com a minha orienta\u00e7\u00e3o recebida atrav\u00e9s de v\u00e1rios retiros, terapias, cursos e a maior de todas as experi\u00eancias &#8211; A Vida.<\/p>\n\n\n\n<p>Ao marcar pelo Ambulat\u00f3rio, n\u00e3o receber\u00e1 orienta\u00e7\u00e3o minha mas receber\u00e1 a mais valiosa de toda, a do divino. Essa nunca duvide que se mostra quando entra em sintonia com ela atrav\u00e9s de luz, e \u00e9 a\u00ed que irei oferecer ajudar.<\/p>\n\n\n\n<p>A outra diferen\u00e7a \u00e9 o valor monet\u00e1rio. Numa consulta ir\u00e1 pagar para que dispense o meu tempo para si junto com a orienta\u00e7\u00e3o recebida em directo e no momento. No ambulat\u00f3rio o valor ser\u00e1 voc\u00ea a dar ao Divino atrav\u00e9s da sua evolu\u00e7\u00e3o nas atitudes e modo de pensar. Pratique a sua gratid\u00e3o para com Deus a partir do primeiro momento que receber esta cura. Pode arranjar um di\u00e1rio ou um pote de Gratid\u00e3o, e escrever todas as pequenas coisas que lhe v\u00e3o acontecendo durante este processo. Deus n\u00e3o precisa de saber o quanto lhe est\u00e1 a ajudar, mas n\u00f3s humanos precisamos de ver. Essas t\u00e9cnicas ser\u00e3o para si. Lembre-se tamb\u00e9m que cada vez que trabalha uma energia na sua vida, ela torna-se parte de n\u00f3s. Isso acontece diariamente no nosso emprego e rela\u00e7\u00f5es. Quanto mais faz mais aprende. Aprenda a Gratid\u00e3o.<\/p>\n\n\n\n<p><strong>Que devo fazer para me submeter \u00e1 cura?<\/strong><\/p>\n\n\n\n<p>Algumas coisas s\u00e3o necess\u00e1rias que voc\u00ea me ajude a ajuda-lo, ou de outra maneira ser\u00e1 um trabalho mais demorado.<\/p>\n\n\n\n<ul class=\"wp-block-list\"><li>Enviar um email em que faz o pedido de cura para <a href=\"consultas@treenaturaterapias.com\" target=\"_blank\" rel=\"noreferrer noopener\" aria-label=\"consultas@treenaturaterapias.com (abre num novo separador)\">consultas@treenaturaterapias.com<\/a><\/li><\/ul>\n\n\n\n<ul class=\"wp-block-list\"><li>Os tratamentos decorrer\u00e3o por um per\u00edodo de 15 dias, a partir do dia que pede. Ser\u00e3o realizados diariamente \u00e1s 7h30 e 21h30. Durante uma dessas horas tenha um compromisso com a sua cura e tenha meia hora de relaxamento e sil\u00eancio.<\/li><li>Basta pedir uma vez e ser\u00e1 consecutivo durante 15 dias. Pode renovar passados 15 dias at\u00e9 um m\u00e1ximo de 3 vezes ( no caso de estar a haver mudan\u00e7a). Poder\u00e1 voltar a fazer passado 1 m\u00eas de pausa.<\/li><li> &nbsp;Para solicitar mais 15 dias de tratamento basta enviar novamente o email.<\/li><li> Evite ou diminua o consumo de carne vermelha e de porco; temperos fortes; bebidas alco\u00f3licas; durante os 15 dias consecutivos.<\/li><li> Tenho o h\u00e1bito de orar pelas manh\u00e3s e\/ou pela noite. Um simples e poderoso Pai Nosso ser\u00e1 suficiente. Caso tenha afinidade com outra ora\u00e7\u00e3o, poder\u00e1 usa-la.<\/li><li> Beba muita \u00e1gua. O nosso corpo \u00e9 maioritariamente agua. Deus fez-nos maravilhosamente e sempre com um prop\u00f3sito. A \u00e1gua ajuda a fluir, nutrir e alimentar as nossas c\u00e9lulas. \u00c9 l\u00e1 que se acolhem a maioria dos nossos bloqueios desta  e outras vidas. S\u00f3 de fazer uma dieta ligada \u00e1 agua, poder\u00e1 fazer um trabalho energ\u00e9tico fort\u00edssimo. Nesta cura, a \u00e1gua , ir\u00e1 servir de facilitador no escoamento de incertezas, medos e negatividade. Ser\u00e1 o seu banho interior.<\/li><li> &nbsp;Para cancelar o tratamento basta apenas dizer mentalmente (<em>Eu desejo interromper tratamento <\/em>com C\u00e9lia de Jesus). Tenha a capacidade para perceber os seus limites.<\/li><li>Tenha no\u00e7\u00e3o que n\u00e3o ser\u00e1 um processo f\u00e1cil pois poder\u00e1 ter sintomas f\u00edsicos e emocionais fortes, mas tenha tamb\u00e9m a no\u00e7\u00e3o que ser\u00e1 imensamente libertador. Cabe a si escolher se quer a dor de uma vida ou de 15 dias.<\/li><\/ul>\n\n\n\n<figure class=\"wp-block-image\"><img loading=\"lazy\" decoding=\"async\" width=\"526\" height=\"596\" src=\"https:\/\/treenaturaterapias.com\/wp-content\/uploads\/2019\/08\/53088218_104602970702318_8651999454997512192_n.jpg\" alt=\"\" class=\"wp-image-1033\" srcset=\"https:\/\/treenaturaterapias.com\/wp-content\/uploads\/2019\/08\/53088218_104602970702318_8651999454997512192_n.jpg 526w, https:\/\/treenaturaterapias.com\/wp-content\/uploads\/2019\/08\/53088218_104602970702318_8651999454997512192_n-265x300.jpg 265w\" sizes=\"auto, (max-width: 526px) 100vw, 526px\" \/><\/figure>\n\n\n\n<p>Caso sinta necessidade de partilhar a sua mudan\u00e7a com outras almas, poder\u00e1 fazer aqui  <a rel=\"noreferrer noopener\" target=\"_blank\" href=\"https:\/\/treenaturaterapias.com\/feedback-de-almas-corajosas\/\">https:\/\/treenaturaterapias.com\/feedback-de-almas-corajosas\/<\/a> , mas n\u00e3o ser\u00e1 de todo obrigat\u00f3rio. A verdadeira vit\u00f3ria \u00e9 aquela que vivemos em sil\u00eancio. <\/p>\n\n\n\n<p>Sinta-se \u00e1 vontade tamb\u00e9m para partilhar em privado comigo. Estarei do seu lado a caminhar!<\/p>\n","protected":false},"excerpt":{"rendered":"<p>Este local foi criado com a compaix\u00e3o e amor pelos que sofrem. Estas duas energias ir\u00e3o trabalhar no seu desenvolvimento como um ser humano melhor e com mais capacidade de se ajudar a si e a outros. Como Funciona? Todos os pedidos chegados at\u00e9 mim ser\u00e3o inclu\u00eddos nas minhas ora\u00e7\u00f5es, &hellip; <\/p>\n","protected":false},"author":1,"featured_media":0,"parent":0,"menu_order":0,"comment_status":"closed","ping_status":"closed","template":"","meta":{"_monsterinsights_skip_tracking":false,"_monsterinsights_sitenote_active":false,"_monsterinsights_sitenote_note":"","_monsterinsights_sitenote_category":0,"footnotes":""},"class_list":["post-1028","page","type-page","status-publish","hentry"],"yoast_head":"<!-- This site is optimized with the Yoast SEO plugin v27.4 - https:\/\/yoast.com\/product\/yoast-seo-wordpress\/ -->\n<title>Ambulat\u00f3rio de Cura<\/title>\n<meta name=\"robots\" content=\"index, follow, max-snippet:-1, max-image-preview:large, max-video-preview:-1\" \/>\n<link rel=\"canonical\" href=\"https:\/\/treenaturaterapias.com\/fr\/ambulatorio-de-cura\/\" \/>\n<meta property=\"og:locale\" content=\"fr_FR\" \/>\n<meta property=\"og:locale:alternate\" content=\"en_US\" \/>\n<meta property=\"og:locale:alternate\" content=\"pt_PT\" \/>\n<meta property=\"og:type\" content=\"article\" \/>\n<meta property=\"og:title\" content=\"Ambulat\u00f3rio de Cura\" \/>\n<meta property=\"og:description\" content=\"Este local foi criado com a compaix\u00e3o e amor pelos que sofrem. Estas duas energias ir\u00e3o trabalhar no seu desenvolvimento como um ser humano melhor e com mais capacidade de se ajudar a si e a outros. Como Funciona? Todos os pedidos chegados at\u00e9 mim ser\u00e3o inclu\u00eddos nas minhas ora\u00e7\u00f5es, &hellip;\" \/>\n<meta property=\"og:url\" content=\"https:\/\/treenaturaterapias.com\/fr\/ambulatorio-de-cura\/\" \/>\n<meta property=\"og:site_name\" content=\"Tree Natura Terapias\" \/>\n<meta property=\"article:modified_time\" content=\"2019-08-14T07:40:30+00:00\" \/>\n<meta property=\"og:image\" content=\"https:\/\/treenaturaterapias.com\/wp-content\/uploads\/2019\/08\/neo_banner_ALPA3_home.jpg\" \/>\n<meta name=\"twitter:card\" content=\"summary_large_image\" \/>\n<meta name=\"twitter:label1\" content=\"Dur\u00e9e de lecture estim\u00e9e\" \/>\n\t<meta name=\"twitter:data1\" content=\"5 minutes\" \/>\n<script type=\"application\/ld+json\" class=\"yoast-schema-graph\">{\"@context\":\"https:\\\/\\\/schema.org\",\"@graph\":[{\"@type\":\"WebPage\",\"@id\":\"https:\\\/\\\/treenaturaterapias.com\\\/ambulatorio-de-cura\\\/\",\"url\":\"https:\\\/\\\/treenaturaterapias.com\\\/ambulatorio-de-cura\\\/\",\"name\":\"Ambulat\u00f3rio de Cura\",\"isPartOf\":{\"@id\":\"https:\\\/\\\/treenaturaterapias.com\\\/#website\"},\"primaryImageOfPage\":{\"@id\":\"https:\\\/\\\/treenaturaterapias.com\\\/ambulatorio-de-cura\\\/#primaryimage\"},\"image\":{\"@id\":\"https:\\\/\\\/treenaturaterapias.com\\\/ambulatorio-de-cura\\\/#primaryimage\"},\"thumbnailUrl\":\"https:\\\/\\\/treenaturaterapias.com\\\/wp-content\\\/uploads\\\/2019\\\/08\\\/neo_banner_ALPA3_home.jpg\",\"datePublished\":\"2019-08-14T07:39:14+00:00\",\"dateModified\":\"2019-08-14T07:40:30+00:00\",\"breadcrumb\":{\"@id\":\"https:\\\/\\\/treenaturaterapias.com\\\/ambulatorio-de-cura\\\/#breadcrumb\"},\"inLanguage\":\"fr-FR\",\"potentialAction\":[{\"@type\":\"ReadAction\",\"target\":[\"https:\\\/\\\/treenaturaterapias.com\\\/ambulatorio-de-cura\\\/\"]}]},{\"@type\":\"ImageObject\",\"inLanguage\":\"fr-FR\",\"@id\":\"https:\\\/\\\/treenaturaterapias.com\\\/ambulatorio-de-cura\\\/#primaryimage\",\"url\":\"https:\\\/\\\/treenaturaterapias.com\\\/wp-content\\\/uploads\\\/2019\\\/08\\\/neo_banner_ALPA3_home.jpg\",\"contentUrl\":\"https:\\\/\\\/treenaturaterapias.com\\\/wp-content\\\/uploads\\\/2019\\\/08\\\/neo_banner_ALPA3_home.jpg\"},{\"@type\":\"BreadcrumbList\",\"@id\":\"https:\\\/\\\/treenaturaterapias.com\\\/ambulatorio-de-cura\\\/#breadcrumb\",\"itemListElement\":[{\"@type\":\"ListItem\",\"position\":1,\"name\":\"In\u00edcio\",\"item\":\"https:\\\/\\\/treenaturaterapias.com\\\/\"},{\"@type\":\"ListItem\",\"position\":2,\"name\":\"Ambulat\u00f3rio de Cura\"}]},{\"@type\":\"WebSite\",\"@id\":\"https:\\\/\\\/treenaturaterapias.com\\\/#website\",\"url\":\"https:\\\/\\\/treenaturaterapias.com\\\/\",\"name\":\"Tree Natura Terapias\",\"description\":\"Reconhecendo o Divino que habita em si\",\"publisher\":{\"@id\":\"https:\\\/\\\/treenaturaterapias.com\\\/#\\\/schema\\\/person\\\/267944d8880bf51dd22b9803435d65c6\"},\"potentialAction\":[{\"@type\":\"SearchAction\",\"target\":{\"@type\":\"EntryPoint\",\"urlTemplate\":\"https:\\\/\\\/treenaturaterapias.com\\\/?s={search_term_string}\"},\"query-input\":{\"@type\":\"PropertyValueSpecification\",\"valueRequired\":true,\"valueName\":\"search_term_string\"}}],\"inLanguage\":\"fr-FR\"},{\"@type\":[\"Person\",\"Organization\"],\"@id\":\"https:\\\/\\\/treenaturaterapias.com\\\/#\\\/schema\\\/person\\\/267944d8880bf51dd22b9803435d65c6\",\"name\":\"C\u00e9lia de Jesus\",\"image\":{\"@type\":\"ImageObject\",\"inLanguage\":\"fr-FR\",\"@id\":\"https:\\\/\\\/treenaturaterapias.com\\\/wp-content\\\/uploads\\\/2018\\\/09\\\/cropped-18901839_10154690353442194_1408032629_o.jpg\",\"url\":\"https:\\\/\\\/treenaturaterapias.com\\\/wp-content\\\/uploads\\\/2018\\\/09\\\/cropped-18901839_10154690353442194_1408032629_o.jpg\",\"contentUrl\":\"https:\\\/\\\/treenaturaterapias.com\\\/wp-content\\\/uploads\\\/2018\\\/09\\\/cropped-18901839_10154690353442194_1408032629_o.jpg\",\"width\":512,\"height\":512,\"caption\":\"C\u00e9lia de Jesus\"},\"logo\":{\"@id\":\"https:\\\/\\\/treenaturaterapias.com\\\/wp-content\\\/uploads\\\/2018\\\/09\\\/cropped-18901839_10154690353442194_1408032629_o.jpg\"}}]}<\/script>\n<!-- \/ Yoast SEO plugin. -->","yoast_head_json":{"title":"Ambulat\u00f3rio de Cura","robots":{"index":"index","follow":"follow","max-snippet":"max-snippet:-1","max-image-preview":"max-image-preview:large","max-video-preview":"max-video-preview:-1"},"canonical":"https:\/\/treenaturaterapias.com\/fr\/ambulatorio-de-cura\/","og_locale":"fr_FR","og_type":"article","og_title":"[:pt]Ambulat\u00f3rio de Cura[:] - Tree Natura Terapias","og_description":"Este local foi criado com a compaix\u00e3o e amor pelos que sofrem. Estas duas energias ir\u00e3o trabalhar no seu desenvolvimento como um ser humano melhor e com mais capacidade de se ajudar a si e a outros. Como Funciona? Todos os pedidos chegados at\u00e9 mim ser\u00e3o inclu\u00eddos nas minhas ora\u00e7\u00f5es, &hellip;","og_url":"https:\/\/treenaturaterapias.com\/fr\/ambulatorio-de-cura\/","og_site_name":"Tree Natura Terapias","article_modified_time":"2019-08-14T07:40:30+00:00","og_image":[{"url":"https:\/\/treenaturaterapias.com\/wp-content\/uploads\/2019\/08\/neo_banner_ALPA3_home.jpg","type":"","width":"","height":""}],"twitter_card":"summary_large_image","twitter_misc":{"Dur\u00e9e de lecture estim\u00e9e":"5 minutes"},"schema":{"@context":"https:\/\/schema.org","@graph":[{"@type":"WebPage","@id":"https:\/\/treenaturaterapias.com\/ambulatorio-de-cura\/","url":"https:\/\/treenaturaterapias.com\/ambulatorio-de-cura\/","name":"Ambulat\u00f3rio de Cura","isPartOf":{"@id":"https:\/\/treenaturaterapias.com\/#website"},"primaryImageOfPage":{"@id":"https:\/\/treenaturaterapias.com\/ambulatorio-de-cura\/#primaryimage"},"image":{"@id":"https:\/\/treenaturaterapias.com\/ambulatorio-de-cura\/#primaryimage"},"thumbnailUrl":"https:\/\/treenaturaterapias.com\/wp-content\/uploads\/2019\/08\/neo_banner_ALPA3_home.jpg","datePublished":"2019-08-14T07:39:14+00:00","dateModified":"2019-08-14T07:40:30+00:00","breadcrumb":{"@id":"https:\/\/treenaturaterapias.com\/ambulatorio-de-cura\/#breadcrumb"},"inLanguage":"fr-FR","potentialAction":[{"@type":"ReadAction","target":["https:\/\/treenaturaterapias.com\/ambulatorio-de-cura\/"]}]},{"@type":"ImageObject","inLanguage":"fr-FR","@id":"https:\/\/treenaturaterapias.com\/ambulatorio-de-cura\/#primaryimage","url":"https:\/\/treenaturaterapias.com\/wp-content\/uploads\/2019\/08\/neo_banner_ALPA3_home.jpg","contentUrl":"https:\/\/treenaturaterapias.com\/wp-content\/uploads\/2019\/08\/neo_banner_ALPA3_home.jpg"},{"@type":"BreadcrumbList","@id":"https:\/\/treenaturaterapias.com\/ambulatorio-de-cura\/#breadcrumb","itemListElement":[{"@type":"ListItem","position":1,"name":"In\u00edcio","item":"https:\/\/treenaturaterapias.com\/"},{"@type":"ListItem","position":2,"name":"Ambulat\u00f3rio de Cura"}]},{"@type":"WebSite","@id":"https:\/\/treenaturaterapias.com\/#website","url":"https:\/\/treenaturaterapias.com\/","name":"Tree Natura Terapias","description":"Reconhecendo o Divino que habita em si","publisher":{"@id":"https:\/\/treenaturaterapias.com\/#\/schema\/person\/267944d8880bf51dd22b9803435d65c6"},"potentialAction":[{"@type":"SearchAction","target":{"@type":"EntryPoint","urlTemplate":"https:\/\/treenaturaterapias.com\/?s={search_term_string}"},"query-input":{"@type":"PropertyValueSpecification","valueRequired":true,"valueName":"search_term_string"}}],"inLanguage":"fr-FR"},{"@type":["Person","Organization"],"@id":"https:\/\/treenaturaterapias.com\/#\/schema\/person\/267944d8880bf51dd22b9803435d65c6","name":"C\u00e9lia de Jesus","image":{"@type":"ImageObject","inLanguage":"fr-FR","@id":"https:\/\/treenaturaterapias.com\/wp-content\/uploads\/2018\/09\/cropped-18901839_10154690353442194_1408032629_o.jpg","url":"https:\/\/treenaturaterapias.com\/wp-content\/uploads\/2018\/09\/cropped-18901839_10154690353442194_1408032629_o.jpg","contentUrl":"https:\/\/treenaturaterapias.com\/wp-content\/uploads\/2018\/09\/cropped-18901839_10154690353442194_1408032629_o.jpg","width":512,"height":512,"caption":"C\u00e9lia de Jesus"},"logo":{"@id":"https:\/\/treenaturaterapias.com\/wp-content\/uploads\/2018\/09\/cropped-18901839_10154690353442194_1408032629_o.jpg"}}]}},"_links":{"self":[{"href":"https:\/\/treenaturaterapias.com\/fr\/wp-json\/wp\/v2\/pages\/1028","targetHints":{"allow":["GET"]}}],"collection":[{"href":"https:\/\/treenaturaterapias.com\/fr\/wp-json\/wp\/v2\/pages"}],"about":[{"href":"https:\/\/treenaturaterapias.com\/fr\/wp-json\/wp\/v2\/types\/page"}],"author":[{"embeddable":true,"href":"https:\/\/treenaturaterapias.com\/fr\/wp-json\/wp\/v2\/users\/1"}],"replies":[{"embeddable":true,"href":"https:\/\/treenaturaterapias.com\/fr\/wp-json\/wp\/v2\/comments?post=1028"}],"version-history":[{"count":0,"href":"https:\/\/treenaturaterapias.com\/fr\/wp-json\/wp\/v2\/pages\/1028\/revisions"}],"wp:attachment":[{"href":"https:\/\/treenaturaterapias.com\/fr\/wp-json\/wp\/v2\/media?parent=1028"}],"curies":[{"name":"wp","href":"https:\/\/api.w.org\/{rel}","templated":true}]}}