{"id":74,"date":"2016-05-12T06:07:40","date_gmt":"2016-05-12T06:07:40","guid":{"rendered":"https:\/\/treenaturaterapias.com\/?page_id=74"},"modified":"2016-10-26T08:43:01","modified_gmt":"2016-10-26T08:43:01","slug":"conexao-ava-para-criancas","status":"publish","type":"page","link":"https:\/\/treenaturaterapias.com\/en\/conexao-ava-para-criancas\/","title":{"rendered":"Terapia Conex\u00e3o AVA para Crian\u00e7as"},"content":{"rendered":"<p>As crian\u00e7as s\u00e3o o nosso futuro e a maneira como crescem \u00e9 fundamental para tornar-se num adulto equilibrado e consciente das suas a\u00e7\u00f5es. Todos n\u00f3s sabemos o que acontece quando se acumula diversos traumas na inf\u00e2ncia e a maneira como influencia todo um resto de vida de um adulto, tornando-o um ser cheio de medos.<\/p>\n<p>A Conex\u00e3o AVA \u00e9 uma terapia energ\u00e9tica que trabalha com Arcturianos, s\u00e3o seres muito amorosos e com muitos conhecimentos a todos os n\u00edveis, da\u00ed ser t\u00e3o r\u00e1pida e eficaz em crian\u00e7as. Visto as Crian\u00e7as receberem muito mais facilmente estas terapias, o processo de cura pode ocorrer numa \u00fanica sess\u00e3o . Pode ser aplicada em crian\u00e7as desde o nascimento sem qualquer contra indica\u00e7\u00e3o, com resultados muito r\u00e1pidos. Pode mesmo ser aplicada ainda no ventre da m\u00e3e. \u00c9 uma terapia que tem de ser aplicada presencialmente por n\u00e3o se conseguir controlar o comportamento \u00e1 dist\u00e2ncia. Na realidade n\u00e3o existe nenhum tratamento que n\u00e3o possa ser aplicado \u00e1 dist\u00e2ncia porque a pessoa est\u00e1 consciente que o vai fazer, por isso resulta SEMPRE. No caso das crian\u00e7as, elas n\u00e3o sabem o que se vai passar e a pr\u00f3pria natureza delas \u00e9 estarem sempre a brincar, por isso ser importante que entrem em contacto com a energia do terapeuta e dos Arcturianos<\/p>\n<p>Pode ser usada para tratar:<br \/>\n\u2665 Medos e ansiedades a ponto de provocar pesadelos<br \/>\n\u2665 Falta de apetite constante<br \/>\n\u2665 Falta de auto confian\u00e7a da crian\u00e7a perante os outros<br \/>\n\u2665 Falta de aten\u00e7\u00e3o nos estudos<br \/>\n\u2665 Timidez que leva a n\u00e3o socializar com outras crian\u00e7as<br \/>\n\u2665 Controle de <a href=\"https:\/\/treenaturaterapias.com\/espiritualidade-o-comeco-da-caminhada\/\" target=\"_blank\">espiritualidade<\/a> em crian\u00e7as muito sensitivas<br \/>\n\u2665 Controle de comportamentos mais agressivos<br \/>\n\u2665 Verbalizar no caso de crian\u00e7as mais fechadas<br \/>\n\u2665 Descontrolos intestinais constantes (diarreia ou pris\u00e3o de ventre)<br \/>\n\u2665 Controlo de emo\u00e7\u00f5es em crian\u00e7as muito sens\u00edveis (aprendem a lidar com a realidade)<br \/>\n\u2665 Remo\u00e7\u00e3o de traumas e v\u00edcios que ainda possam estar muito presentes da vida passada<br \/>\n\u2665 Remo\u00e7\u00e3o de \u201camigos imagin\u00e1rios\u201d que possam destabilizar a crian\u00e7a ( nem todos s\u00e3o prejudiciais)<\/p>\n<p>Entre muitas outras situa\u00e7\u00f5es.<\/p>\n<p>Cada sess\u00e3o tem uma dura\u00e7\u00e3o de 1h sendo o tratamento\u00a0 15min<\/p>\n<p>O valor de cada sess\u00e3o s\u00e3o 15\u20ac<\/p>\n<p>https:\/\/www.paulonogueiraterapias.com\/conexao-ava-criancas\/<\/p>\n<p>&nbsp;<\/p>\n<blockquote class=\"wp-embedded-content\" data-secret=\"PWZLAMYYwp\"><p><a href=\"https:\/\/treenaturaterapias.com\/conexao-ava-para-criancas\/\">Terapia Conex\u00e3o AVA para Crian\u00e7as<\/a><\/p><\/blockquote>\n<p><iframe loading=\"lazy\" class=\"wp-embedded-content\" sandbox=\"allow-scripts\" security=\"restricted\" style=\"position: absolute; visibility: hidden;\" title=\"&#8220;Terapia Conex\u00e3o AVA para Crian\u00e7as&#8221; &#8212; Tree Natura Terapias\" src=\"https:\/\/treenaturaterapias.com\/conexao-ava-para-criancas\/embed\/#?secret=2bpylM5u5s#?secret=PWZLAMYYwp\" data-secret=\"PWZLAMYYwp\" width=\"600\" height=\"338\" frameborder=\"0\" marginwidth=\"0\" marginheight=\"0\" scrolling=\"no\"><\/iframe><\/p>\n","protected":false},"excerpt":{"rendered":"<p>As crian\u00e7as s\u00e3o o nosso futuro e a maneira como crescem \u00e9 fundamental para tornar-se num adulto equilibrado e consciente das suas a\u00e7\u00f5es. Todos n\u00f3s sabemos o que acontece quando se acumula diversos traumas na inf\u00e2ncia e a maneira como influencia todo um resto de vida de um adulto, tornando-o &hellip; <\/p>\n","protected":false},"author":1,"featured_media":85,"parent":0,"menu_order":0,"comment_status":"closed","ping_status":"closed","template":"","meta":{"_monsterinsights_skip_tracking":false,"_monsterinsights_sitenote_active":false,"_monsterinsights_sitenote_note":"","_monsterinsights_sitenote_category":0,"footnotes":""},"class_list":["post-74","page","type-page","status-publish","has-post-thumbnail","hentry"],"yoast_head":"<!-- This site is optimized with the Yoast SEO plugin v27.4 - https:\/\/yoast.com\/product\/yoast-seo-wordpress\/ -->\n<title>Terapia Conex\u00e3o AVA para Crian\u00e7as - Tree Natura Terapias<\/title>\n<meta name=\"robots\" content=\"index, follow, max-snippet:-1, max-image-preview:large, max-video-preview:-1\" \/>\n<link rel=\"canonical\" href=\"https:\/\/treenaturaterapias.com\/en\/conexao-ava-para-criancas\/\" \/>\n<meta property=\"og:locale\" content=\"en_US\" \/>\n<meta property=\"og:locale:alternate\" content=\"pt_PT\" \/>\n<meta property=\"og:locale:alternate\" content=\"fr_FR\" \/>\n<meta property=\"og:type\" content=\"article\" \/>\n<meta property=\"og:title\" content=\"Terapia Conex\u00e3o AVA para Crian\u00e7as - Tree Natura Terapias\" \/>\n<meta property=\"og:description\" content=\"As crian\u00e7as s\u00e3o o nosso futuro e a maneira como crescem \u00e9 fundamental para tornar-se num adulto equilibrado e consciente das suas a\u00e7\u00f5es. Todos n\u00f3s sabemos o que acontece quando se acumula diversos traumas na inf\u00e2ncia e a maneira como influencia todo um resto de vida de um adulto, tornando-o &hellip;\" \/>\n<meta property=\"og:url\" content=\"https:\/\/treenaturaterapias.com\/en\/conexao-ava-para-criancas\/\" \/>\n<meta property=\"og:site_name\" content=\"Tree Natura Terapias\" \/>\n<meta property=\"article:modified_time\" content=\"2016-10-26T08:43:01+00:00\" \/>\n<meta property=\"og:image\" content=\"https:\/\/treenaturaterapias.com\/wp-content\/uploads\/2016\/05\/bright-feather-vector-background.jpg\" \/>\n\t<meta property=\"og:image:width\" content=\"800\" \/>\n\t<meta property=\"og:image:height\" content=\"560\" \/>\n\t<meta property=\"og:image:type\" content=\"image\/jpeg\" \/>\n<meta name=\"twitter:card\" content=\"summary_large_image\" \/>\n<meta name=\"twitter:label1\" content=\"Est. reading time\" \/>\n\t<meta name=\"twitter:data1\" content=\"2 minutes\" \/>\n<script type=\"application\/ld+json\" class=\"yoast-schema-graph\">{\"@context\":\"https:\\\/\\\/schema.org\",\"@graph\":[{\"@type\":\"WebPage\",\"@id\":\"https:\\\/\\\/treenaturaterapias.com\\\/conexao-ava-para-criancas\\\/\",\"url\":\"https:\\\/\\\/treenaturaterapias.com\\\/conexao-ava-para-criancas\\\/\",\"name\":\"Terapia Conex\u00e3o AVA para Crian\u00e7as - Tree Natura Terapias\",\"isPartOf\":{\"@id\":\"https:\\\/\\\/treenaturaterapias.com\\\/#website\"},\"primaryImageOfPage\":{\"@id\":\"https:\\\/\\\/treenaturaterapias.com\\\/conexao-ava-para-criancas\\\/#primaryimage\"},\"image\":{\"@id\":\"https:\\\/\\\/treenaturaterapias.com\\\/conexao-ava-para-criancas\\\/#primaryimage\"},\"thumbnailUrl\":\"https:\\\/\\\/treenaturaterapias.com\\\/wp-content\\\/uploads\\\/2016\\\/05\\\/bright-feather-vector-background.jpg\",\"datePublished\":\"2016-05-12T06:07:40+00:00\",\"dateModified\":\"2016-10-26T08:43:01+00:00\",\"breadcrumb\":{\"@id\":\"https:\\\/\\\/treenaturaterapias.com\\\/conexao-ava-para-criancas\\\/#breadcrumb\"},\"inLanguage\":\"en-US\",\"potentialAction\":[{\"@type\":\"ReadAction\",\"target\":[\"https:\\\/\\\/treenaturaterapias.com\\\/conexao-ava-para-criancas\\\/\"]}]},{\"@type\":\"ImageObject\",\"inLanguage\":\"en-US\",\"@id\":\"https:\\\/\\\/treenaturaterapias.com\\\/conexao-ava-para-criancas\\\/#primaryimage\",\"url\":\"https:\\\/\\\/treenaturaterapias.com\\\/wp-content\\\/uploads\\\/2016\\\/05\\\/bright-feather-vector-background.jpg\",\"contentUrl\":\"https:\\\/\\\/treenaturaterapias.com\\\/wp-content\\\/uploads\\\/2016\\\/05\\\/bright-feather-vector-background.jpg\",\"width\":800,\"height\":560},{\"@type\":\"BreadcrumbList\",\"@id\":\"https:\\\/\\\/treenaturaterapias.com\\\/conexao-ava-para-criancas\\\/#breadcrumb\",\"itemListElement\":[{\"@type\":\"ListItem\",\"position\":1,\"name\":\"In\u00edcio\",\"item\":\"https:\\\/\\\/treenaturaterapias.com\\\/\"},{\"@type\":\"ListItem\",\"position\":2,\"name\":\"Terapia Conex\u00e3o AVA para Crian\u00e7as\"}]},{\"@type\":\"WebSite\",\"@id\":\"https:\\\/\\\/treenaturaterapias.com\\\/#website\",\"url\":\"https:\\\/\\\/treenaturaterapias.com\\\/\",\"name\":\"Tree Natura Terapias\",\"description\":\"Reconhecendo o Divino que habita em si\",\"publisher\":{\"@id\":\"https:\\\/\\\/treenaturaterapias.com\\\/#\\\/schema\\\/person\\\/267944d8880bf51dd22b9803435d65c6\"},\"potentialAction\":[{\"@type\":\"SearchAction\",\"target\":{\"@type\":\"EntryPoint\",\"urlTemplate\":\"https:\\\/\\\/treenaturaterapias.com\\\/?s={search_term_string}\"},\"query-input\":{\"@type\":\"PropertyValueSpecification\",\"valueRequired\":true,\"valueName\":\"search_term_string\"}}],\"inLanguage\":\"en-US\"},{\"@type\":[\"Person\",\"Organization\"],\"@id\":\"https:\\\/\\\/treenaturaterapias.com\\\/#\\\/schema\\\/person\\\/267944d8880bf51dd22b9803435d65c6\",\"name\":\"C\u00e9lia de Jesus\",\"image\":{\"@type\":\"ImageObject\",\"inLanguage\":\"en-US\",\"@id\":\"https:\\\/\\\/treenaturaterapias.com\\\/wp-content\\\/uploads\\\/2018\\\/09\\\/cropped-18901839_10154690353442194_1408032629_o.jpg\",\"url\":\"https:\\\/\\\/treenaturaterapias.com\\\/wp-content\\\/uploads\\\/2018\\\/09\\\/cropped-18901839_10154690353442194_1408032629_o.jpg\",\"contentUrl\":\"https:\\\/\\\/treenaturaterapias.com\\\/wp-content\\\/uploads\\\/2018\\\/09\\\/cropped-18901839_10154690353442194_1408032629_o.jpg\",\"width\":512,\"height\":512,\"caption\":\"C\u00e9lia de Jesus\"},\"logo\":{\"@id\":\"https:\\\/\\\/treenaturaterapias.com\\\/wp-content\\\/uploads\\\/2018\\\/09\\\/cropped-18901839_10154690353442194_1408032629_o.jpg\"}}]}<\/script>\n<!-- \/ Yoast SEO plugin. -->","yoast_head_json":{"title":"Terapia Conex\u00e3o AVA para Crian\u00e7as - Tree Natura Terapias","robots":{"index":"index","follow":"follow","max-snippet":"max-snippet:-1","max-image-preview":"max-image-preview:large","max-video-preview":"max-video-preview:-1"},"canonical":"https:\/\/treenaturaterapias.com\/en\/conexao-ava-para-criancas\/","og_locale":"en_US","og_type":"article","og_title":"Terapia Conex\u00e3o AVA para Crian\u00e7as - Tree Natura Terapias","og_description":"As crian\u00e7as s\u00e3o o nosso futuro e a maneira como crescem \u00e9 fundamental para tornar-se num adulto equilibrado e consciente das suas a\u00e7\u00f5es. Todos n\u00f3s sabemos o que acontece quando se acumula diversos traumas na inf\u00e2ncia e a maneira como influencia todo um resto de vida de um adulto, tornando-o &hellip;","og_url":"https:\/\/treenaturaterapias.com\/en\/conexao-ava-para-criancas\/","og_site_name":"Tree Natura Terapias","article_modified_time":"2016-10-26T08:43:01+00:00","og_image":[{"width":800,"height":560,"url":"https:\/\/treenaturaterapias.com\/wp-content\/uploads\/2016\/05\/bright-feather-vector-background.jpg","type":"image\/jpeg"}],"twitter_card":"summary_large_image","twitter_misc":{"Est. reading time":"2 minutes"},"schema":{"@context":"https:\/\/schema.org","@graph":[{"@type":"WebPage","@id":"https:\/\/treenaturaterapias.com\/conexao-ava-para-criancas\/","url":"https:\/\/treenaturaterapias.com\/conexao-ava-para-criancas\/","name":"Terapia Conex\u00e3o AVA para Crian\u00e7as - Tree Natura Terapias","isPartOf":{"@id":"https:\/\/treenaturaterapias.com\/#website"},"primaryImageOfPage":{"@id":"https:\/\/treenaturaterapias.com\/conexao-ava-para-criancas\/#primaryimage"},"image":{"@id":"https:\/\/treenaturaterapias.com\/conexao-ava-para-criancas\/#primaryimage"},"thumbnailUrl":"https:\/\/treenaturaterapias.com\/wp-content\/uploads\/2016\/05\/bright-feather-vector-background.jpg","datePublished":"2016-05-12T06:07:40+00:00","dateModified":"2016-10-26T08:43:01+00:00","breadcrumb":{"@id":"https:\/\/treenaturaterapias.com\/conexao-ava-para-criancas\/#breadcrumb"},"inLanguage":"en-US","potentialAction":[{"@type":"ReadAction","target":["https:\/\/treenaturaterapias.com\/conexao-ava-para-criancas\/"]}]},{"@type":"ImageObject","inLanguage":"en-US","@id":"https:\/\/treenaturaterapias.com\/conexao-ava-para-criancas\/#primaryimage","url":"https:\/\/treenaturaterapias.com\/wp-content\/uploads\/2016\/05\/bright-feather-vector-background.jpg","contentUrl":"https:\/\/treenaturaterapias.com\/wp-content\/uploads\/2016\/05\/bright-feather-vector-background.jpg","width":800,"height":560},{"@type":"BreadcrumbList","@id":"https:\/\/treenaturaterapias.com\/conexao-ava-para-criancas\/#breadcrumb","itemListElement":[{"@type":"ListItem","position":1,"name":"In\u00edcio","item":"https:\/\/treenaturaterapias.com\/"},{"@type":"ListItem","position":2,"name":"Terapia Conex\u00e3o AVA para Crian\u00e7as"}]},{"@type":"WebSite","@id":"https:\/\/treenaturaterapias.com\/#website","url":"https:\/\/treenaturaterapias.com\/","name":"Tree Natura Terapias","description":"Reconhecendo o Divino que habita em si","publisher":{"@id":"https:\/\/treenaturaterapias.com\/#\/schema\/person\/267944d8880bf51dd22b9803435d65c6"},"potentialAction":[{"@type":"SearchAction","target":{"@type":"EntryPoint","urlTemplate":"https:\/\/treenaturaterapias.com\/?s={search_term_string}"},"query-input":{"@type":"PropertyValueSpecification","valueRequired":true,"valueName":"search_term_string"}}],"inLanguage":"en-US"},{"@type":["Person","Organization"],"@id":"https:\/\/treenaturaterapias.com\/#\/schema\/person\/267944d8880bf51dd22b9803435d65c6","name":"C\u00e9lia de Jesus","image":{"@type":"ImageObject","inLanguage":"en-US","@id":"https:\/\/treenaturaterapias.com\/wp-content\/uploads\/2018\/09\/cropped-18901839_10154690353442194_1408032629_o.jpg","url":"https:\/\/treenaturaterapias.com\/wp-content\/uploads\/2018\/09\/cropped-18901839_10154690353442194_1408032629_o.jpg","contentUrl":"https:\/\/treenaturaterapias.com\/wp-content\/uploads\/2018\/09\/cropped-18901839_10154690353442194_1408032629_o.jpg","width":512,"height":512,"caption":"C\u00e9lia de Jesus"},"logo":{"@id":"https:\/\/treenaturaterapias.com\/wp-content\/uploads\/2018\/09\/cropped-18901839_10154690353442194_1408032629_o.jpg"}}]}},"_links":{"self":[{"href":"https:\/\/treenaturaterapias.com\/en\/wp-json\/wp\/v2\/pages\/74","targetHints":{"allow":["GET"]}}],"collection":[{"href":"https:\/\/treenaturaterapias.com\/en\/wp-json\/wp\/v2\/pages"}],"about":[{"href":"https:\/\/treenaturaterapias.com\/en\/wp-json\/wp\/v2\/types\/page"}],"author":[{"embeddable":true,"href":"https:\/\/treenaturaterapias.com\/en\/wp-json\/wp\/v2\/users\/1"}],"replies":[{"embeddable":true,"href":"https:\/\/treenaturaterapias.com\/en\/wp-json\/wp\/v2\/comments?post=74"}],"version-history":[{"count":0,"href":"https:\/\/treenaturaterapias.com\/en\/wp-json\/wp\/v2\/pages\/74\/revisions"}],"wp:featuredmedia":[{"embeddable":true,"href":"https:\/\/treenaturaterapias.com\/en\/wp-json\/wp\/v2\/media\/85"}],"wp:attachment":[{"href":"https:\/\/treenaturaterapias.com\/en\/wp-json\/wp\/v2\/media?parent=74"}],"curies":[{"name":"wp","href":"https:\/\/api.w.org\/{rel}","templated":true}]}}